{"id":5914,"date":"2022-08-28T18:18:45","date_gmt":"2022-08-28T16:18:45","guid":{"rendered":"https:\/\/www.dimoracagnazzi.it\/events\/"},"modified":"2025-07-08T12:50:20","modified_gmt":"2025-07-08T10:50:20","slug":"events-altamura-matera","status":"publish","type":"page","link":"https:\/\/www.dimoracagnazzi.it\/en\/events-altamura-matera\/","title":{"rendered":"EVENTS"},"content":{"rendered":"\t\t<div data-elementor-type=\"wp-post\" data-elementor-id=\"5914\" class=\"elementor elementor-5914 elementor-3331\">\n\t\t\t\t\t\t<section class=\"elementor-section elementor-top-section elementor-element elementor-element-6229ba4 elementor-section-full_width elementor-section-height-min-height elementor-section-height-default elementor-section-items-middle\" data-id=\"6229ba4\" data-element_type=\"section\" data-settings=\"{&quot;background_background&quot;:&quot;classic&quot;}\">\n\t\t\t\t\t\t\t<div class=\"elementor-background-overlay\"><\/div>\n\t\t\t\t\t\t\t<div class=\"elementor-container elementor-column-gap-default\">\n\t\t\t\t\t<div class=\"elementor-column elementor-col-100 elementor-top-column elementor-element elementor-element-1f66876d\" data-id=\"1f66876d\" data-element_type=\"column\">\n\t\t\t<div class=\"elementor-widget-wrap elementor-element-populated\">\n\t\t\t\t\t\t<div class=\"elementor-element elementor-element-68d1557 elementor-widget elementor-widget-spacer\" data-id=\"68d1557\" data-element_type=\"widget\" data-widget_type=\"spacer.default\">\n\t\t\t\t<div class=\"elementor-widget-container\">\n\t\t\t\t\t<div class=\"elementor-spacer\">\n\t\t\t<div class=\"elementor-spacer-inner\"><\/div>\n\t\t<\/div>\n\t\t\t\t<\/div>\n\t\t\t\t<\/div>\n\t\t\t\t<div class=\"elementor-element elementor-element-321bcc27 elementor-view-default elementor-position-top elementor-invisible elementor-widget elementor-widget-themo-header\" data-id=\"321bcc27\" data-element_type=\"widget\" data-settings=\"{&quot;_animation&quot;:&quot;fadeIn&quot;}\" data-widget_type=\"themo-header.default\">\n\t\t\t\t<div class=\"elementor-widget-container\">\n\t\t\t\t\t<div class=\"th-header-wrap\">\n        <div class=\"elementor-icon-box-wrapper \">\n                            <div class=\"elementor-icon-box-content\">\n                    <h1 class=\"elementor-icon-box-title\">\n                        Cultural Events                    <\/h1>\n                                        <p class=\"elementor-icon-box-description\">Dimora Storica Cagnazzi - Altamura<\/p>\n\n                                    <\/div>\n            <\/div>\n\n        <\/div>\n\n\t\t\t\t<\/div>\n\t\t\t\t<\/div>\n\t\t\t\t\t<\/div>\n\t\t<\/div>\n\t\t\t\t\t<\/div>\n\t\t<\/section>\n\t\t\t\t<section class=\"elementor-section elementor-top-section elementor-element elementor-element-79b70f9 elementor-section-boxed elementor-section-height-default elementor-section-height-default\" data-id=\"79b70f9\" data-element_type=\"section\" data-settings=\"{&quot;background_background&quot;:&quot;classic&quot;}\">\n\t\t\t\t\t\t<div class=\"elementor-container elementor-column-gap-no\">\n\t\t\t\t\t<div class=\"elementor-column elementor-col-100 elementor-top-column elementor-element elementor-element-f828f68\" data-id=\"f828f68\" data-element_type=\"column\">\n\t\t\t<div class=\"elementor-widget-wrap elementor-element-populated\">\n\t\t\t\t\t\t<div class=\"elementor-element elementor-element-983fbe3 elementor-widget elementor-widget-spacer\" data-id=\"983fbe3\" data-element_type=\"widget\" data-widget_type=\"spacer.default\">\n\t\t\t\t<div class=\"elementor-widget-container\">\n\t\t\t\t\t<div class=\"elementor-spacer\">\n\t\t\t<div class=\"elementor-spacer-inner\"><\/div>\n\t\t<\/div>\n\t\t\t\t<\/div>\n\t\t\t\t<\/div>\n\t\t\t\t<div class=\"elementor-element elementor-element-c057c34 elementor-view-default elementor-position-top elementor-widget elementor-widget-themo-header\" data-id=\"c057c34\" data-element_type=\"widget\" data-widget_type=\"themo-header.default\">\n\t\t\t\t<div class=\"elementor-widget-container\">\n\t\t\t\t\t<div class=\"th-header-wrap\">\n        <div class=\"elementor-icon-box-wrapper th-show-icon\">\n                            <div class=\"elementor-icon-box-icon th-icon-size-sm\">\n                    <span class=\"elementor-icon \">\n                        <i aria-hidden=\"true\" class=\"th-linea icon th-linea icon-music-microphone-old\"><\/i>                    <\/span>\n                <\/div>\n                                <div class=\"elementor-icon-box-content\">\n                    <h2 class=\"elementor-icon-box-title\">\n                        CURRENT EVENTS                    <\/h2>\n                                            <span class=\"th-header-divider\"><\/span>\n                                        <p class=\"elementor-icon-box-description\"><strong>If you are looking for a place to hold a show or even a party, request the use of the residence at a convenient solution. We offer accommodation facilities for artists or companies.<\/strong><\/p>\n\n                                    <\/div>\n            <\/div>\n\n        <\/div>\n\n\t\t\t\t<\/div>\n\t\t\t\t<\/div>\n\t\t\t\t<div class=\"elementor-element elementor-element-2bf388e elementor-widget elementor-widget-spacer\" data-id=\"2bf388e\" data-element_type=\"widget\" data-widget_type=\"spacer.default\">\n\t\t\t\t<div class=\"elementor-widget-container\">\n\t\t\t\t\t<div class=\"elementor-spacer\">\n\t\t\t<div class=\"elementor-spacer-inner\"><\/div>\n\t\t<\/div>\n\t\t\t\t<\/div>\n\t\t\t\t<\/div>\n\t\t\t\t\t<\/div>\n\t\t<\/div>\n\t\t\t\t\t<\/div>\n\t\t<\/section>\n\t\t\t\t<section class=\"elementor-section elementor-top-section elementor-element elementor-element-aa4efcc elementor-section-full_width elementor-section-height-default elementor-section-height-default\" data-id=\"aa4efcc\" data-element_type=\"section\" data-settings=\"{&quot;background_background&quot;:&quot;classic&quot;}\">\n\t\t\t\t\t\t<div class=\"elementor-container elementor-column-gap-wider\">\n\t\t\t\t\t<div class=\"elementor-column elementor-col-100 elementor-top-column elementor-element elementor-element-45970d9\" data-id=\"45970d9\" data-element_type=\"column\">\n\t\t\t<div class=\"elementor-widget-wrap elementor-element-populated\">\n\t\t\t\t\t\t<div class=\"elementor-element elementor-element-6e8e28d elementor-widget elementor-widget-spacer\" data-id=\"6e8e28d\" data-element_type=\"widget\" data-widget_type=\"spacer.default\">\n\t\t\t\t<div class=\"elementor-widget-container\">\n\t\t\t\t\t<div class=\"elementor-spacer\">\n\t\t\t<div class=\"elementor-spacer-inner\"><\/div>\n\t\t<\/div>\n\t\t\t\t<\/div>\n\t\t\t\t<\/div>\n\t\t\t\t<div class=\"elementor-element elementor-element-99f6fe1 elementor-widget elementor-widget-themo-blog\" data-id=\"99f6fe1\" data-element_type=\"widget\" data-widget_type=\"themo-blog.default\">\n\t\t\t\t<div class=\"elementor-widget-container\">\n\t\t\t\n                                <section class=\"th-masonry-blog th-blog-3-col\">\n\n                        <div class=\"mas-blog row\">\n                            <div class=\"mas-blog-post-sizer col-sm-6 col-md-4\"><\/div>\n                                                                                            <div class=\"mas-blog-post col-sm-6 col-md-4 post-8578 post type-post status-publish format-standard has-post-thumbnail hentry category-events\">\n                                                <a href=\"https:\/\/www.dimoracagnazzi.it\/en\/ludus-gli-umani-fra-cura-e-performance\/\">\n            <img fetchpriority=\"high\" decoding=\"async\" width=\"1000\" height=\"592\" src=\"https:\/\/www.dimoracagnazzi.it\/wp-content\/uploads\/2025\/09\/ludus-seminario-dimora-cagnazzi-altamura-puglia.jpg\" class=\"img-responsive wp-post-image\" alt=\"\" srcset=\"https:\/\/www.dimoracagnazzi.it\/wp-content\/uploads\/2025\/09\/ludus-seminario-dimora-cagnazzi-altamura-puglia.jpg 1000w, https:\/\/www.dimoracagnazzi.it\/wp-content\/uploads\/2025\/09\/ludus-seminario-dimora-cagnazzi-altamura-puglia-300x178.jpg 300w, https:\/\/www.dimoracagnazzi.it\/wp-content\/uploads\/2025\/09\/ludus-seminario-dimora-cagnazzi-altamura-puglia-768x455.jpg 768w, https:\/\/www.dimoracagnazzi.it\/wp-content\/uploads\/2025\/09\/ludus-seminario-dimora-cagnazzi-altamura-puglia-135x80.jpg 135w, https:\/\/www.dimoracagnazzi.it\/wp-content\/uploads\/2025\/09\/ludus-seminario-dimora-cagnazzi-altamura-puglia-394x233.jpg 394w, https:\/\/www.dimoracagnazzi.it\/wp-content\/uploads\/2025\/09\/ludus-seminario-dimora-cagnazzi-altamura-puglia-915x542.jpg 915w, https:\/\/www.dimoracagnazzi.it\/wp-content\/uploads\/2025\/09\/ludus-seminario-dimora-cagnazzi-altamura-puglia-169x100.jpg 169w\" sizes=\"(max-width: 1000px) 100vw, 1000px\" \/>        <\/a>\n    \n<div class=\"post-inner\">\n    <h3 class=\"post-title\"><a href=\"https:\/\/www.dimoracagnazzi.it\/en\/ludus-gli-umani-fra-cura-e-performance\/\">Ludus: gli umani fra cura e performance<\/a><\/h3>\n\n    <div class=\"post-meta\">\n    <a href=\"https:\/\/www.dimoracagnazzi.it\/en\/category\/events\/\" rel=\"category tag\">Events<\/a><\/div>\n\n            <div class=\"entry-content post-excerpt\">\n            <p>\n                5 Ottobre 2025 &gt;&gt; dalle 10 alle 16 Un laboratorio circolare, in uno scenario incantato. Il gioco, l&#8217;arte, la musica, il rituale per evadere dall&#8217;ordinario, ricombinarne gli elementi e creare conforto e comunit\u00e0. Su rotte transculturali, con guide d&#8217;eccezione, attraverseremo &hellip; <a href=\"https:\/\/www.dimoracagnazzi.it\/en\/ludus-gli-umani-fra-cura-e-performance\/\">Read More<\/a>            <\/p>\n        <\/div>\n            <div class=\"date-meta\">\n    <span class=\"thmv-author\">\n    <i class=\"xs-icon fa fa-calendar-o\"><\/i>\n    <!--div class=\"post-meta\"-->\n        <span class=\"themo-mas-date-meta show-author\"><a href=\"https:\/\/www.dimoracagnazzi.it\/en\/author\/adm-dc-mar\/\" title=\"Posts by adm.dc.mar\" rel=\"author\">adm.dc.mar<\/a><\/span>\n    <\/span>\n    \n        <time class=\"themo-mas-date-meta published thmv-date\" datetime=\"2025-09-05T12:11:06+02:00\">5 September 2025<\/time>\n            <!--\/div-->\n    <span class=\"is-sticky\">Featured Post<\/span>\n<\/div><\/div>\n                                <\/div>\n\n                                                                                            <div class=\"mas-blog-post col-sm-6 col-md-4 post-8394 post type-post status-publish format-standard has-post-thumbnail hentry category-events\">\n                                                <a href=\"https:\/\/www.dimoracagnazzi.it\/en\/joe-pisto-fausto-beccalossi\/\">\n            <img decoding=\"async\" width=\"1000\" height=\"1250\" src=\"https:\/\/www.dimoracagnazzi.it\/wp-content\/uploads\/2025\/07\/suoni-della-murgia-dimora-cagnazzi-pizzicar-de-corda.webp\" class=\"img-responsive wp-post-image\" alt=\"\" srcset=\"https:\/\/www.dimoracagnazzi.it\/wp-content\/uploads\/2025\/07\/suoni-della-murgia-dimora-cagnazzi-pizzicar-de-corda.webp 1000w, https:\/\/www.dimoracagnazzi.it\/wp-content\/uploads\/2025\/07\/suoni-della-murgia-dimora-cagnazzi-pizzicar-de-corda-240x300.webp 240w, https:\/\/www.dimoracagnazzi.it\/wp-content\/uploads\/2025\/07\/suoni-della-murgia-dimora-cagnazzi-pizzicar-de-corda-819x1024.webp 819w, https:\/\/www.dimoracagnazzi.it\/wp-content\/uploads\/2025\/07\/suoni-della-murgia-dimora-cagnazzi-pizzicar-de-corda-768x960.webp 768w, https:\/\/www.dimoracagnazzi.it\/wp-content\/uploads\/2025\/07\/suoni-della-murgia-dimora-cagnazzi-pizzicar-de-corda-64x80.webp 64w, https:\/\/www.dimoracagnazzi.it\/wp-content\/uploads\/2025\/07\/suoni-della-murgia-dimora-cagnazzi-pizzicar-de-corda-242x303.webp 242w, https:\/\/www.dimoracagnazzi.it\/wp-content\/uploads\/2025\/07\/suoni-della-murgia-dimora-cagnazzi-pizzicar-de-corda-560x700.webp 560w, https:\/\/www.dimoracagnazzi.it\/wp-content\/uploads\/2025\/07\/suoni-della-murgia-dimora-cagnazzi-pizzicar-de-corda-760x950.webp 760w, https:\/\/www.dimoracagnazzi.it\/wp-content\/uploads\/2025\/07\/suoni-della-murgia-dimora-cagnazzi-pizzicar-de-corda-864x1080.webp 864w, https:\/\/www.dimoracagnazzi.it\/wp-content\/uploads\/2025\/07\/suoni-della-murgia-dimora-cagnazzi-pizzicar-de-corda-80x100.webp 80w\" sizes=\"(max-width: 1000px) 100vw, 1000px\" \/>        <\/a>\n    \n<div class=\"post-inner\">\n    <h3 class=\"post-title\"><a href=\"https:\/\/www.dimoracagnazzi.it\/en\/joe-pisto-fausto-beccalossi\/\">Joe Pisto &amp; Fausto Beccalossi<\/a><\/h3>\n\n    <div class=\"post-meta\">\n    <a href=\"https:\/\/www.dimoracagnazzi.it\/en\/category\/events\/\" rel=\"category tag\">Events<\/a><\/div>\n\n            <div class=\"entry-content post-excerpt\">\n            <p>\n                3 Agosto 2025 &gt;&gt; ore 21 SUONI DELLA MURGIA: Joe Pisto &amp; Fausto Beccalossi Tango, jazz, musica mediterranea: la tavolozza musicale del duo \u00e8 un mondo variopinto che tra le due Americhe del tango e del jazz, mescola tempere che &hellip; <a href=\"https:\/\/www.dimoracagnazzi.it\/en\/joe-pisto-fausto-beccalossi\/\">Read More<\/a>            <\/p>\n        <\/div>\n            <div class=\"date-meta\">\n    <span class=\"thmv-author\">\n    <i class=\"xs-icon fa fa-calendar-o\"><\/i>\n    <!--div class=\"post-meta\"-->\n        <span class=\"themo-mas-date-meta show-author\"><a href=\"https:\/\/www.dimoracagnazzi.it\/en\/author\/adm-dc-mar\/\" title=\"Posts by adm.dc.mar\" rel=\"author\">adm.dc.mar<\/a><\/span>\n    <\/span>\n    \n        <time class=\"themo-mas-date-meta published thmv-date\" datetime=\"2025-07-31T19:11:11+02:00\">31 July 2025<\/time>\n            <!--\/div-->\n    <span class=\"is-sticky\">Featured Post<\/span>\n<\/div><\/div>\n                                <\/div>\n\n                                                                                            <div class=\"mas-blog-post col-sm-6 col-md-4 post-8375 post type-post status-publish format-standard has-post-thumbnail hentry category-events\">\n                                                <a href=\"https:\/\/www.dimoracagnazzi.it\/en\/giulio-tampalini-daniele-fabio-duo-di-chitarre\/\">\n            <img decoding=\"async\" width=\"1000\" height=\"1250\" src=\"https:\/\/www.dimoracagnazzi.it\/wp-content\/uploads\/2025\/07\/suoni-della-murgia-dimora-cagnazzi-concerto-chitarra.webp\" class=\"img-responsive wp-post-image\" alt=\"\" srcset=\"https:\/\/www.dimoracagnazzi.it\/wp-content\/uploads\/2025\/07\/suoni-della-murgia-dimora-cagnazzi-concerto-chitarra.webp 1000w, https:\/\/www.dimoracagnazzi.it\/wp-content\/uploads\/2025\/07\/suoni-della-murgia-dimora-cagnazzi-concerto-chitarra-240x300.webp 240w, https:\/\/www.dimoracagnazzi.it\/wp-content\/uploads\/2025\/07\/suoni-della-murgia-dimora-cagnazzi-concerto-chitarra-819x1024.webp 819w, https:\/\/www.dimoracagnazzi.it\/wp-content\/uploads\/2025\/07\/suoni-della-murgia-dimora-cagnazzi-concerto-chitarra-768x960.webp 768w, https:\/\/www.dimoracagnazzi.it\/wp-content\/uploads\/2025\/07\/suoni-della-murgia-dimora-cagnazzi-concerto-chitarra-64x80.webp 64w, https:\/\/www.dimoracagnazzi.it\/wp-content\/uploads\/2025\/07\/suoni-della-murgia-dimora-cagnazzi-concerto-chitarra-242x303.webp 242w, https:\/\/www.dimoracagnazzi.it\/wp-content\/uploads\/2025\/07\/suoni-della-murgia-dimora-cagnazzi-concerto-chitarra-560x700.webp 560w, https:\/\/www.dimoracagnazzi.it\/wp-content\/uploads\/2025\/07\/suoni-della-murgia-dimora-cagnazzi-concerto-chitarra-760x950.webp 760w, https:\/\/www.dimoracagnazzi.it\/wp-content\/uploads\/2025\/07\/suoni-della-murgia-dimora-cagnazzi-concerto-chitarra-864x1080.webp 864w, https:\/\/www.dimoracagnazzi.it\/wp-content\/uploads\/2025\/07\/suoni-della-murgia-dimora-cagnazzi-concerto-chitarra-80x100.webp 80w\" sizes=\"(max-width: 1000px) 100vw, 1000px\" \/>        <\/a>\n    \n<div class=\"post-inner\">\n    <h3 class=\"post-title\"><a href=\"https:\/\/www.dimoracagnazzi.it\/en\/giulio-tampalini-daniele-fabio-duo-di-chitarre\/\">Giulio Tampalini &amp; Daniele Fabio: Duo di Chitarre<\/a><\/h3>\n\n    <div class=\"post-meta\">\n    <a href=\"https:\/\/www.dimoracagnazzi.it\/en\/category\/events\/\" rel=\"category tag\">Events<\/a><\/div>\n\n            <div class=\"entry-content post-excerpt\">\n            <p>\n                2 Agosto 2025 &gt;&gt; ore 21 SUONI DELLA MURGIA: duo di chitarre Giulio Tampalini &amp; Daniele Fabio Da Bach a Jimi HendrixSi viaggia fra Bach, Boccherini, Scherzi, Canti Popolari, Gary Jules, Van Halen, Eagles fino a Jimi Hendrix. GIULIO TAMPALINIGiulio &hellip; <a href=\"https:\/\/www.dimoracagnazzi.it\/en\/giulio-tampalini-daniele-fabio-duo-di-chitarre\/\">Read More<\/a>            <\/p>\n        <\/div>\n            <div class=\"date-meta\">\n    <span class=\"thmv-author\">\n    <i class=\"xs-icon fa fa-calendar-o\"><\/i>\n    <!--div class=\"post-meta\"-->\n        <span class=\"themo-mas-date-meta show-author\"><a href=\"https:\/\/www.dimoracagnazzi.it\/en\/author\/adm-dc-mar\/\" title=\"Posts by adm.dc.mar\" rel=\"author\">adm.dc.mar<\/a><\/span>\n    <\/span>\n    \n        <time class=\"themo-mas-date-meta published thmv-date\" datetime=\"2025-07-31T18:57:06+02:00\">31 July 2025<\/time>\n            <!--\/div-->\n    <span class=\"is-sticky\">Featured Post<\/span>\n<\/div><\/div>\n                                <\/div>\n\n                                                                                            <div class=\"mas-blog-post col-sm-6 col-md-4 post-8348 post type-post status-publish format-standard has-post-thumbnail hentry category-events\">\n                                                <a href=\"https:\/\/www.dimoracagnazzi.it\/en\/ebbanesis\/\">\n            <img loading=\"lazy\" decoding=\"async\" width=\"1000\" height=\"1000\" src=\"https:\/\/www.dimoracagnazzi.it\/wp-content\/uploads\/2025\/07\/ebbanesis-dimora-cagnazzi-altamura-rimandato-copia.webp\" class=\"img-responsive wp-post-image\" alt=\"\" srcset=\"https:\/\/www.dimoracagnazzi.it\/wp-content\/uploads\/2025\/07\/ebbanesis-dimora-cagnazzi-altamura-rimandato-copia.webp 1000w, https:\/\/www.dimoracagnazzi.it\/wp-content\/uploads\/2025\/07\/ebbanesis-dimora-cagnazzi-altamura-rimandato-copia-300x300.webp 300w, https:\/\/www.dimoracagnazzi.it\/wp-content\/uploads\/2025\/07\/ebbanesis-dimora-cagnazzi-altamura-rimandato-copia-150x150.webp 150w, https:\/\/www.dimoracagnazzi.it\/wp-content\/uploads\/2025\/07\/ebbanesis-dimora-cagnazzi-altamura-rimandato-copia-768x768.webp 768w, https:\/\/www.dimoracagnazzi.it\/wp-content\/uploads\/2025\/07\/ebbanesis-dimora-cagnazzi-altamura-rimandato-copia-80x80.webp 80w, https:\/\/www.dimoracagnazzi.it\/wp-content\/uploads\/2025\/07\/ebbanesis-dimora-cagnazzi-altamura-rimandato-copia-394x394.webp 394w, https:\/\/www.dimoracagnazzi.it\/wp-content\/uploads\/2025\/07\/ebbanesis-dimora-cagnazzi-altamura-rimandato-copia-303x303.webp 303w, https:\/\/www.dimoracagnazzi.it\/wp-content\/uploads\/2025\/07\/ebbanesis-dimora-cagnazzi-altamura-rimandato-copia-605x605.webp 605w, https:\/\/www.dimoracagnazzi.it\/wp-content\/uploads\/2025\/07\/ebbanesis-dimora-cagnazzi-altamura-rimandato-copia-700x700.webp 700w, https:\/\/www.dimoracagnazzi.it\/wp-content\/uploads\/2025\/07\/ebbanesis-dimora-cagnazzi-altamura-rimandato-copia-950x950.webp 950w, https:\/\/www.dimoracagnazzi.it\/wp-content\/uploads\/2025\/07\/ebbanesis-dimora-cagnazzi-altamura-rimandato-copia-100x100.webp 100w\" sizes=\"(max-width: 1000px) 100vw, 1000px\" \/>        <\/a>\n    \n<div class=\"post-inner\">\n    <h3 class=\"post-title\"><a href=\"https:\/\/www.dimoracagnazzi.it\/en\/ebbanesis\/\">Ebbanesis<\/a><\/h3>\n\n    <div class=\"post-meta\">\n    <a href=\"https:\/\/www.dimoracagnazzi.it\/en\/category\/events\/\" rel=\"category tag\">Events<\/a><\/div>\n\n            <div class=\"entry-content post-excerpt\">\n            <p>\n                Data Rimandata! Per motivi non dipendenti dalla nostra struttura, il concerto delle EBBANESIS previsto per il 18 Luglio, \u00e8 rimandato a data da definire. Un fenomeno web, ma con tanta sostanza musicale: nel giugno del 2017 nasce in rete il &hellip; <a href=\"https:\/\/www.dimoracagnazzi.it\/en\/ebbanesis\/\">Read More<\/a>            <\/p>\n        <\/div>\n            <div class=\"date-meta\">\n    <span class=\"thmv-author\">\n    <i class=\"xs-icon fa fa-calendar-o\"><\/i>\n    <!--div class=\"post-meta\"-->\n        <span class=\"themo-mas-date-meta show-author\"><a href=\"https:\/\/www.dimoracagnazzi.it\/en\/author\/adm-dc-mar\/\" title=\"Posts by adm.dc.mar\" rel=\"author\">adm.dc.mar<\/a><\/span>\n    <\/span>\n    \n        <time class=\"themo-mas-date-meta published thmv-date\" datetime=\"2025-07-31T13:17:42+02:00\">31 July 2025<\/time>\n            <!--\/div-->\n    <span class=\"is-sticky\">Featured Post<\/span>\n<\/div><\/div>\n                                <\/div>\n\n                                                                                            <div class=\"mas-blog-post col-sm-6 col-md-4 post-7814 post type-post status-publish format-standard has-post-thumbnail hentry category-events\">\n                                                <a href=\"https:\/\/www.dimoracagnazzi.it\/en\/paese-mio-bello\/\">\n            <img loading=\"lazy\" decoding=\"async\" width=\"846\" height=\"1200\" src=\"https:\/\/www.dimoracagnazzi.it\/wp-content\/uploads\/2025\/07\/Paese-mio-bello-Altamura-Dimora-Cagnazzi.webp\" class=\"img-responsive wp-post-image\" alt=\"\" srcset=\"https:\/\/www.dimoracagnazzi.it\/wp-content\/uploads\/2025\/07\/Paese-mio-bello-Altamura-Dimora-Cagnazzi.webp 846w, https:\/\/www.dimoracagnazzi.it\/wp-content\/uploads\/2025\/07\/Paese-mio-bello-Altamura-Dimora-Cagnazzi-212x300.webp 212w, https:\/\/www.dimoracagnazzi.it\/wp-content\/uploads\/2025\/07\/Paese-mio-bello-Altamura-Dimora-Cagnazzi-722x1024.webp 722w, https:\/\/www.dimoracagnazzi.it\/wp-content\/uploads\/2025\/07\/Paese-mio-bello-Altamura-Dimora-Cagnazzi-768x1089.webp 768w, https:\/\/www.dimoracagnazzi.it\/wp-content\/uploads\/2025\/07\/Paese-mio-bello-Altamura-Dimora-Cagnazzi-56x80.webp 56w, https:\/\/www.dimoracagnazzi.it\/wp-content\/uploads\/2025\/07\/Paese-mio-bello-Altamura-Dimora-Cagnazzi-214x303.webp 214w, https:\/\/www.dimoracagnazzi.it\/wp-content\/uploads\/2025\/07\/Paese-mio-bello-Altamura-Dimora-Cagnazzi-494x700.webp 494w, https:\/\/www.dimoracagnazzi.it\/wp-content\/uploads\/2025\/07\/Paese-mio-bello-Altamura-Dimora-Cagnazzi-670x950.webp 670w, https:\/\/www.dimoracagnazzi.it\/wp-content\/uploads\/2025\/07\/Paese-mio-bello-Altamura-Dimora-Cagnazzi-761x1080.webp 761w, https:\/\/www.dimoracagnazzi.it\/wp-content\/uploads\/2025\/07\/Paese-mio-bello-Altamura-Dimora-Cagnazzi-71x100.webp 71w\" sizes=\"(max-width: 846px) 100vw, 846px\" \/>        <\/a>\n    \n<div class=\"post-inner\">\n    <h3 class=\"post-title\"><a href=\"https:\/\/www.dimoracagnazzi.it\/en\/paese-mio-bello\/\">Paese mio bello<\/a><\/h3>\n\n    <div class=\"post-meta\">\n    <a href=\"https:\/\/www.dimoracagnazzi.it\/en\/category\/events\/\" rel=\"category tag\">Events<\/a><\/div>\n\n            <div class=\"entry-content post-excerpt\">\n            <p>\n                5 Luglio 2025 &gt;&gt; ore 20.30 \u201cPaese Mio Bello \u2013 Suite Napoletana\u201d \u00e8 molto pi\u00f9 di un concerto: \u00e8 un ponte vivente tra le radici profonde della musica popolare napoletana e la sua rinascita contemporanea. Il progetto si inserisce perfettamente &hellip; <a href=\"https:\/\/www.dimoracagnazzi.it\/en\/paese-mio-bello\/\">Read More<\/a>            <\/p>\n        <\/div>\n            <div class=\"date-meta\">\n    <span class=\"thmv-author\">\n    <i class=\"xs-icon fa fa-calendar-o\"><\/i>\n    <!--div class=\"post-meta\"-->\n        <span class=\"themo-mas-date-meta show-author\"><a href=\"https:\/\/www.dimoracagnazzi.it\/en\/author\/adm-dc-mar\/\" title=\"Posts by adm.dc.mar\" rel=\"author\">adm.dc.mar<\/a><\/span>\n    <\/span>\n    \n        <time class=\"themo-mas-date-meta published thmv-date\" datetime=\"2025-07-08T12:35:00+02:00\">8 July 2025<\/time>\n            <!--\/div-->\n    <span class=\"is-sticky\">Featured Post<\/span>\n<\/div><\/div>\n                                <\/div>\n\n                                                                                            <div class=\"mas-blog-post col-sm-6 col-md-4 post-7812 post type-post status-publish format-standard has-post-thumbnail hentry category-events\">\n                                                <a href=\"https:\/\/www.dimoracagnazzi.it\/en\/festival-il-buco-bianco\/\">\n            <img loading=\"lazy\" decoding=\"async\" width=\"1000\" height=\"1000\" src=\"https:\/\/www.dimoracagnazzi.it\/wp-content\/uploads\/2025\/07\/festival-il-buco-bianco-dimora-cagnazzi-altamura.webp\" class=\"img-responsive wp-post-image\" alt=\"\" srcset=\"https:\/\/www.dimoracagnazzi.it\/wp-content\/uploads\/2025\/07\/festival-il-buco-bianco-dimora-cagnazzi-altamura.webp 1000w, https:\/\/www.dimoracagnazzi.it\/wp-content\/uploads\/2025\/07\/festival-il-buco-bianco-dimora-cagnazzi-altamura-300x300.webp 300w, https:\/\/www.dimoracagnazzi.it\/wp-content\/uploads\/2025\/07\/festival-il-buco-bianco-dimora-cagnazzi-altamura-150x150.webp 150w, https:\/\/www.dimoracagnazzi.it\/wp-content\/uploads\/2025\/07\/festival-il-buco-bianco-dimora-cagnazzi-altamura-768x768.webp 768w, https:\/\/www.dimoracagnazzi.it\/wp-content\/uploads\/2025\/07\/festival-il-buco-bianco-dimora-cagnazzi-altamura-80x80.webp 80w, https:\/\/www.dimoracagnazzi.it\/wp-content\/uploads\/2025\/07\/festival-il-buco-bianco-dimora-cagnazzi-altamura-394x394.webp 394w, https:\/\/www.dimoracagnazzi.it\/wp-content\/uploads\/2025\/07\/festival-il-buco-bianco-dimora-cagnazzi-altamura-303x303.webp 303w, https:\/\/www.dimoracagnazzi.it\/wp-content\/uploads\/2025\/07\/festival-il-buco-bianco-dimora-cagnazzi-altamura-605x605.webp 605w, https:\/\/www.dimoracagnazzi.it\/wp-content\/uploads\/2025\/07\/festival-il-buco-bianco-dimora-cagnazzi-altamura-700x700.webp 700w, https:\/\/www.dimoracagnazzi.it\/wp-content\/uploads\/2025\/07\/festival-il-buco-bianco-dimora-cagnazzi-altamura-950x950.webp 950w, https:\/\/www.dimoracagnazzi.it\/wp-content\/uploads\/2025\/07\/festival-il-buco-bianco-dimora-cagnazzi-altamura-100x100.webp 100w\" sizes=\"(max-width: 1000px) 100vw, 1000px\" \/>        <\/a>\n    \n<div class=\"post-inner\">\n    <h3 class=\"post-title\"><a href=\"https:\/\/www.dimoracagnazzi.it\/en\/festival-il-buco-bianco\/\">Festival Il Buco Bianco<\/a><\/h3>\n\n    <div class=\"post-meta\">\n    <a href=\"https:\/\/www.dimoracagnazzi.it\/en\/category\/events\/\" rel=\"category tag\">Events<\/a><\/div>\n\n            <div class=\"entry-content post-excerpt\">\n            <p>\n                28 &#8211; 29 Luglio 2025 BENVENUTI AL FESTIVAL IL BUCO BIANCO: un&#8217;esperienza di arte, comunit\u00e0 ed ecologia.Un evento pluridisciplinare e comunitario che si svolge in un luogo magico: la Dimora Cagnazzi. Siamo super felici di annunciare che abbiamo appena lanciato &hellip; <a href=\"https:\/\/www.dimoracagnazzi.it\/en\/festival-il-buco-bianco\/\">Read More<\/a>            <\/p>\n        <\/div>\n            <div class=\"date-meta\">\n    <span class=\"thmv-author\">\n    <i class=\"xs-icon fa fa-calendar-o\"><\/i>\n    <!--div class=\"post-meta\"-->\n        <span class=\"themo-mas-date-meta show-author\"><a href=\"https:\/\/www.dimoracagnazzi.it\/en\/author\/adm-dc-mar\/\" title=\"Posts by adm.dc.mar\" rel=\"author\">adm.dc.mar<\/a><\/span>\n    <\/span>\n    \n        <time class=\"themo-mas-date-meta published thmv-date\" datetime=\"2025-07-08T12:31:20+02:00\">8 July 2025<\/time>\n            <!--\/div-->\n    <span class=\"is-sticky\">Featured Post<\/span>\n<\/div><\/div>\n                                <\/div>\n\n                                                                                            <div class=\"mas-blog-post col-sm-6 col-md-4 post-7642 post type-post status-publish format-standard has-post-thumbnail hentry category-events\">\n                                                <a href=\"https:\/\/www.dimoracagnazzi.it\/en\/giuseppe-venezia-fabrizio-bosso\/\">\n            <img loading=\"lazy\" decoding=\"async\" width=\"1000\" height=\"1415\" src=\"https:\/\/www.dimoracagnazzi.it\/wp-content\/uploads\/2025\/05\/giuseppe-venezia-fabrizio-bosso-dimora-cagnazzi.webp\" class=\"img-responsive wp-post-image\" alt=\"\" srcset=\"https:\/\/www.dimoracagnazzi.it\/wp-content\/uploads\/2025\/05\/giuseppe-venezia-fabrizio-bosso-dimora-cagnazzi.webp 1000w, https:\/\/www.dimoracagnazzi.it\/wp-content\/uploads\/2025\/05\/giuseppe-venezia-fabrizio-bosso-dimora-cagnazzi-212x300.webp 212w, https:\/\/www.dimoracagnazzi.it\/wp-content\/uploads\/2025\/05\/giuseppe-venezia-fabrizio-bosso-dimora-cagnazzi-724x1024.webp 724w, https:\/\/www.dimoracagnazzi.it\/wp-content\/uploads\/2025\/05\/giuseppe-venezia-fabrizio-bosso-dimora-cagnazzi-768x1087.webp 768w, https:\/\/www.dimoracagnazzi.it\/wp-content\/uploads\/2025\/05\/giuseppe-venezia-fabrizio-bosso-dimora-cagnazzi-57x80.webp 57w, https:\/\/www.dimoracagnazzi.it\/wp-content\/uploads\/2025\/05\/giuseppe-venezia-fabrizio-bosso-dimora-cagnazzi-214x303.webp 214w, https:\/\/www.dimoracagnazzi.it\/wp-content\/uploads\/2025\/05\/giuseppe-venezia-fabrizio-bosso-dimora-cagnazzi-495x700.webp 495w, https:\/\/www.dimoracagnazzi.it\/wp-content\/uploads\/2025\/05\/giuseppe-venezia-fabrizio-bosso-dimora-cagnazzi-671x950.webp 671w, https:\/\/www.dimoracagnazzi.it\/wp-content\/uploads\/2025\/05\/giuseppe-venezia-fabrizio-bosso-dimora-cagnazzi-763x1080.webp 763w, https:\/\/www.dimoracagnazzi.it\/wp-content\/uploads\/2025\/05\/giuseppe-venezia-fabrizio-bosso-dimora-cagnazzi-71x100.webp 71w\" sizes=\"(max-width: 1000px) 100vw, 1000px\" \/>        <\/a>\n    \n<div class=\"post-inner\">\n    <h3 class=\"post-title\"><a href=\"https:\/\/www.dimoracagnazzi.it\/en\/giuseppe-venezia-fabrizio-bosso\/\">Giuseppe Venezia &amp; Fabrizio Bosso<\/a><\/h3>\n\n    <div class=\"post-meta\">\n    <a href=\"https:\/\/www.dimoracagnazzi.it\/en\/category\/events\/\" rel=\"category tag\">Events<\/a><\/div>\n\n            <div class=\"entry-content post-excerpt\">\n            <p>\n                13 Giugno 2025 &gt;&gt; ore 21:00 All&#8217;interno della Rassegna estiva RADICI SONORE un viaggio emozionante nella musica jazz immersi nella bellezza storica della Dimora Cagnazzi di Altamura. La rassegna RADICI SONORE \u00e8 organizzata da Source in collaborazione con l&#8217;associazione ti &hellip; <a href=\"https:\/\/www.dimoracagnazzi.it\/en\/giuseppe-venezia-fabrizio-bosso\/\">Read More<\/a>            <\/p>\n        <\/div>\n            <div class=\"date-meta\">\n    <span class=\"thmv-author\">\n    <i class=\"xs-icon fa fa-calendar-o\"><\/i>\n    <!--div class=\"post-meta\"-->\n        <span class=\"themo-mas-date-meta show-author\"><a href=\"https:\/\/www.dimoracagnazzi.it\/en\/author\/adm-dc-mar\/\" title=\"Posts by adm.dc.mar\" rel=\"author\">adm.dc.mar<\/a><\/span>\n    <\/span>\n    \n        <time class=\"themo-mas-date-meta published thmv-date\" datetime=\"2025-05-28T11:40:53+02:00\">28 May 2025<\/time>\n            <!--\/div-->\n    <span class=\"is-sticky\">Featured Post<\/span>\n<\/div><\/div>\n                                <\/div>\n\n                                                                                            <div class=\"mas-blog-post col-sm-6 col-md-4 post-7640 post type-post status-publish format-standard has-post-thumbnail hentry category-events\">\n                                                <a href=\"https:\/\/www.dimoracagnazzi.it\/en\/giovanni-conelli-il-vibrare-degli-alberi\/\">\n            <img loading=\"lazy\" decoding=\"async\" width=\"1200\" height=\"1200\" src=\"https:\/\/www.dimoracagnazzi.it\/wp-content\/uploads\/2025\/04\/giovanni-conelli-musica-concerto-altamura-dimora-cagnazzi.webp\" class=\"img-responsive wp-post-image\" alt=\"Giovanni Conelli in concerto. Presso la Dimora cagnazzi, Altamura.\" srcset=\"https:\/\/www.dimoracagnazzi.it\/wp-content\/uploads\/2025\/04\/giovanni-conelli-musica-concerto-altamura-dimora-cagnazzi.webp 1200w, https:\/\/www.dimoracagnazzi.it\/wp-content\/uploads\/2025\/04\/giovanni-conelli-musica-concerto-altamura-dimora-cagnazzi-300x300.webp 300w, https:\/\/www.dimoracagnazzi.it\/wp-content\/uploads\/2025\/04\/giovanni-conelli-musica-concerto-altamura-dimora-cagnazzi-1024x1024.webp 1024w, https:\/\/www.dimoracagnazzi.it\/wp-content\/uploads\/2025\/04\/giovanni-conelli-musica-concerto-altamura-dimora-cagnazzi-150x150.webp 150w, https:\/\/www.dimoracagnazzi.it\/wp-content\/uploads\/2025\/04\/giovanni-conelli-musica-concerto-altamura-dimora-cagnazzi-768x768.webp 768w, https:\/\/www.dimoracagnazzi.it\/wp-content\/uploads\/2025\/04\/giovanni-conelli-musica-concerto-altamura-dimora-cagnazzi-80x80.webp 80w, https:\/\/www.dimoracagnazzi.it\/wp-content\/uploads\/2025\/04\/giovanni-conelli-musica-concerto-altamura-dimora-cagnazzi-394x394.webp 394w, https:\/\/www.dimoracagnazzi.it\/wp-content\/uploads\/2025\/04\/giovanni-conelli-musica-concerto-altamura-dimora-cagnazzi-303x303.webp 303w, https:\/\/www.dimoracagnazzi.it\/wp-content\/uploads\/2025\/04\/giovanni-conelli-musica-concerto-altamura-dimora-cagnazzi-605x605.webp 605w, https:\/\/www.dimoracagnazzi.it\/wp-content\/uploads\/2025\/04\/giovanni-conelli-musica-concerto-altamura-dimora-cagnazzi-700x700.webp 700w, https:\/\/www.dimoracagnazzi.it\/wp-content\/uploads\/2025\/04\/giovanni-conelli-musica-concerto-altamura-dimora-cagnazzi-950x950.webp 950w, https:\/\/www.dimoracagnazzi.it\/wp-content\/uploads\/2025\/04\/giovanni-conelli-musica-concerto-altamura-dimora-cagnazzi-1080x1080.webp 1080w, https:\/\/www.dimoracagnazzi.it\/wp-content\/uploads\/2025\/04\/giovanni-conelli-musica-concerto-altamura-dimora-cagnazzi-100x100.webp 100w\" sizes=\"(max-width: 1200px) 100vw, 1200px\" \/>        <\/a>\n    \n<div class=\"post-inner\">\n    <h3 class=\"post-title\"><a href=\"https:\/\/www.dimoracagnazzi.it\/en\/giovanni-conelli-il-vibrare-degli-alberi\/\">Giovanni Conelli: Il vibrare degli alberi<\/a><\/h3>\n\n    <div class=\"post-meta\">\n    <a href=\"https:\/\/www.dimoracagnazzi.it\/en\/category\/events\/\" rel=\"category tag\">Events<\/a><\/div>\n\n            <div class=\"entry-content post-excerpt\">\n            <p>\n                2 Maggio 2025 &gt;&gt; ore 20 &#8220;Il vibrare degli alberi&#8221; \u00e8 un concerto di musica elettronica dal vivo e cantautorato. I sintetizzatori accompagnano la vocazione poetica, gli effetti vocali ripensano la tradizIone della canzone d&#8217;autore italiana in una forma pi\u00f9 &hellip; <a href=\"https:\/\/www.dimoracagnazzi.it\/en\/giovanni-conelli-il-vibrare-degli-alberi\/\">Read More<\/a>            <\/p>\n        <\/div>\n            <div class=\"date-meta\">\n    <span class=\"thmv-author\">\n    <i class=\"xs-icon fa fa-calendar-o\"><\/i>\n    <!--div class=\"post-meta\"-->\n        <span class=\"themo-mas-date-meta show-author\"><a href=\"https:\/\/www.dimoracagnazzi.it\/en\/author\/adm-dc-mar\/\" title=\"Posts by adm.dc.mar\" rel=\"author\">adm.dc.mar<\/a><\/span>\n    <\/span>\n    \n        <time class=\"themo-mas-date-meta published thmv-date\" datetime=\"2025-05-28T11:39:48+02:00\">28 May 2025<\/time>\n            <!--\/div-->\n    <span class=\"is-sticky\">Featured Post<\/span>\n<\/div><\/div>\n                                <\/div>\n\n                                                                                            <div class=\"mas-blog-post col-sm-6 col-md-4 post-6741 post type-post status-publish format-standard has-post-thumbnail hentry category-events\">\n                                                <a href=\"https:\/\/www.dimoracagnazzi.it\/en\/musica-al-casale-2023\/\">\n            <img loading=\"lazy\" decoding=\"async\" width=\"708\" height=\"1000\" src=\"https:\/\/www.dimoracagnazzi.it\/wp-content\/uploads\/2023\/06\/musica-al-casale-dimora-cagnazzi-concerto-altamura-matera.webp\" class=\"img-responsive wp-post-image\" alt=\"musica-al-casale-dimora-cagnazzi-concerto-altamura-matera\" srcset=\"https:\/\/www.dimoracagnazzi.it\/wp-content\/uploads\/2023\/06\/musica-al-casale-dimora-cagnazzi-concerto-altamura-matera.webp 708w, https:\/\/www.dimoracagnazzi.it\/wp-content\/uploads\/2023\/06\/musica-al-casale-dimora-cagnazzi-concerto-altamura-matera-212x300.webp 212w, https:\/\/www.dimoracagnazzi.it\/wp-content\/uploads\/2023\/06\/musica-al-casale-dimora-cagnazzi-concerto-altamura-matera-57x80.webp 57w, https:\/\/www.dimoracagnazzi.it\/wp-content\/uploads\/2023\/06\/musica-al-casale-dimora-cagnazzi-concerto-altamura-matera-215x303.webp 215w, https:\/\/www.dimoracagnazzi.it\/wp-content\/uploads\/2023\/06\/musica-al-casale-dimora-cagnazzi-concerto-altamura-matera-496x700.webp 496w, https:\/\/www.dimoracagnazzi.it\/wp-content\/uploads\/2023\/06\/musica-al-casale-dimora-cagnazzi-concerto-altamura-matera-673x950.webp 673w, https:\/\/www.dimoracagnazzi.it\/wp-content\/uploads\/2023\/06\/musica-al-casale-dimora-cagnazzi-concerto-altamura-matera-78x110.webp 78w\" sizes=\"(max-width: 708px) 100vw, 708px\" \/>        <\/a>\n    \n<div class=\"post-inner\">\n    <h3 class=\"post-title\"><a href=\"https:\/\/www.dimoracagnazzi.it\/en\/musica-al-casale-2023\/\">Musica al Casale 2023<\/a><\/h3>\n\n    <div class=\"post-meta\">\n    <a href=\"https:\/\/www.dimoracagnazzi.it\/en\/category\/events\/\" rel=\"category tag\">Events<\/a><\/div>\n\n            <div class=\"entry-content post-excerpt\">\n            <p>\n                Dal 30 giugno al 14 luglio &gt;&gt; ore 21 Dal 30 giugno al 14 luglio prende il via la seconda edizione del festival \u201cMusica e Danza al Casale\u201d da un\u2019idea della Fondazione Piet\u00e0 de\u2019 Turchini di Napoli e Dimora Cagnazzi &hellip; <a href=\"https:\/\/www.dimoracagnazzi.it\/en\/musica-al-casale-2023\/\">Read More<\/a>            <\/p>\n        <\/div>\n            <div class=\"date-meta\">\n    <span class=\"thmv-author\">\n    <i class=\"xs-icon fa fa-calendar-o\"><\/i>\n    <!--div class=\"post-meta\"-->\n        <span class=\"themo-mas-date-meta show-author\"><a href=\"https:\/\/www.dimoracagnazzi.it\/en\/author\/adm-dc-mar\/\" title=\"Posts by adm.dc.mar\" rel=\"author\">adm.dc.mar<\/a><\/span>\n    <\/span>\n    \n        <time class=\"themo-mas-date-meta published thmv-date\" datetime=\"2023-06-11T11:25:51+02:00\">11 June 2023<\/time>\n            <!--\/div-->\n    <span class=\"is-sticky\">Featured Post<\/span>\n<\/div><\/div>\n                                <\/div>\n\n                                                                                            <div class=\"mas-blog-post col-sm-6 col-md-4 post-5921 post type-post status-publish format-standard has-post-thumbnail hentry category-events\">\n                                                <a href=\"https:\/\/www.dimoracagnazzi.it\/en\/musica-al-casale\/\">\n            <img loading=\"lazy\" decoding=\"async\" width=\"724\" height=\"1024\" src=\"https:\/\/www.dimoracagnazzi.it\/wp-content\/uploads\/2022\/08\/musica-al-casale-eventi-altamura-dimora-cagnazzi-fondazione-turchini.jpg\" class=\"img-responsive wp-post-image\" alt=\"Evento Musica al Casale nella Dimora Cganazzi, Altamura.\" srcset=\"https:\/\/www.dimoracagnazzi.it\/wp-content\/uploads\/2022\/08\/musica-al-casale-eventi-altamura-dimora-cagnazzi-fondazione-turchini.jpg 724w, https:\/\/www.dimoracagnazzi.it\/wp-content\/uploads\/2022\/08\/musica-al-casale-eventi-altamura-dimora-cagnazzi-fondazione-turchini-212x300.jpg 212w, https:\/\/www.dimoracagnazzi.it\/wp-content\/uploads\/2022\/08\/musica-al-casale-eventi-altamura-dimora-cagnazzi-fondazione-turchini-78x110.jpg 78w, https:\/\/www.dimoracagnazzi.it\/wp-content\/uploads\/2022\/08\/musica-al-casale-eventi-altamura-dimora-cagnazzi-fondazione-turchini-57x80.jpg 57w, https:\/\/www.dimoracagnazzi.it\/wp-content\/uploads\/2022\/08\/musica-al-casale-eventi-altamura-dimora-cagnazzi-fondazione-turchini-214x303.jpg 214w, https:\/\/www.dimoracagnazzi.it\/wp-content\/uploads\/2022\/08\/musica-al-casale-eventi-altamura-dimora-cagnazzi-fondazione-turchini-495x700.jpg 495w, https:\/\/www.dimoracagnazzi.it\/wp-content\/uploads\/2022\/08\/musica-al-casale-eventi-altamura-dimora-cagnazzi-fondazione-turchini-672x950.jpg 672w\" sizes=\"(max-width: 724px) 100vw, 724px\" \/>        <\/a>\n    \n<div class=\"post-inner\">\n    <h3 class=\"post-title\"><a href=\"https:\/\/www.dimoracagnazzi.it\/en\/musica-al-casale\/\">Musica al Casale 2022<\/a><\/h3>\n\n    <div class=\"post-meta\">\n    <a href=\"https:\/\/www.dimoracagnazzi.it\/en\/category\/events\/\" rel=\"category tag\">Events<\/a><\/div>\n\n            <div class=\"entry-content post-excerpt\">\n            <p>\n                Dal 10 al 21 Settembre 2022 &gt;&gt; ore 20.30 10 Settembre h 20.30 Il VIOLINO FANTASTICO Margherita Populin: ViolinoJuan Jos\u00e9 Francione: Liuto 17 Settembre h 20.30 HISTERIADI Michele Paolino: SassofoniDavide di Ienno: Chitarra 21 Settembre h 20.30 DUO FURIBONDO Gianni &hellip; <a href=\"https:\/\/www.dimoracagnazzi.it\/en\/musica-al-casale\/\">Read More<\/a>            <\/p>\n        <\/div>\n            <div class=\"date-meta\">\n    <span class=\"thmv-author\">\n    <i class=\"xs-icon fa fa-calendar-o\"><\/i>\n    <!--div class=\"post-meta\"-->\n        <span class=\"themo-mas-date-meta show-author\"><a href=\"https:\/\/www.dimoracagnazzi.it\/en\/author\/adm-dc-mar\/\" title=\"Posts by adm.dc.mar\" rel=\"author\">adm.dc.mar<\/a><\/span>\n    <\/span>\n    \n        <time class=\"themo-mas-date-meta published thmv-date\" datetime=\"2022-08-25T10:15:40+02:00\">25 August 2022<\/time>\n            <!--\/div-->\n    <span class=\"is-sticky\">Featured Post<\/span>\n<\/div><\/div>\n                                <\/div>\n\n                                                                                            <div class=\"mas-blog-post col-sm-6 col-md-4 post-5959 post type-post status-publish format-standard has-post-thumbnail hentry category-events\">\n                                                <a href=\"https:\/\/www.dimoracagnazzi.it\/en\/guitar-solo\/\">\n            <img loading=\"lazy\" decoding=\"async\" width=\"711\" height=\"1000\" src=\"https:\/\/www.dimoracagnazzi.it\/wp-content\/uploads\/2022\/07\/dimora-cagnazzi-suoni-della-murgia-eventi-sumaia-karimi-duo.webp\" class=\"img-responsive wp-post-image\" alt=\"\" srcset=\"https:\/\/www.dimoracagnazzi.it\/wp-content\/uploads\/2022\/07\/dimora-cagnazzi-suoni-della-murgia-eventi-sumaia-karimi-duo.webp 711w, https:\/\/www.dimoracagnazzi.it\/wp-content\/uploads\/2022\/07\/dimora-cagnazzi-suoni-della-murgia-eventi-sumaia-karimi-duo-213x300.webp 213w, https:\/\/www.dimoracagnazzi.it\/wp-content\/uploads\/2022\/07\/dimora-cagnazzi-suoni-della-murgia-eventi-sumaia-karimi-duo-57x80.webp 57w, https:\/\/www.dimoracagnazzi.it\/wp-content\/uploads\/2022\/07\/dimora-cagnazzi-suoni-della-murgia-eventi-sumaia-karimi-duo-215x303.webp 215w, https:\/\/www.dimoracagnazzi.it\/wp-content\/uploads\/2022\/07\/dimora-cagnazzi-suoni-della-murgia-eventi-sumaia-karimi-duo-498x700.webp 498w, https:\/\/www.dimoracagnazzi.it\/wp-content\/uploads\/2022\/07\/dimora-cagnazzi-suoni-della-murgia-eventi-sumaia-karimi-duo-675x950.webp 675w, https:\/\/www.dimoracagnazzi.it\/wp-content\/uploads\/2022\/07\/dimora-cagnazzi-suoni-della-murgia-eventi-sumaia-karimi-duo-71x100.webp 71w\" sizes=\"(max-width: 711px) 100vw, 711px\" \/>        <\/a>\n    \n<div class=\"post-inner\">\n    <h3 class=\"post-title\"><a href=\"https:\/\/www.dimoracagnazzi.it\/en\/guitar-solo\/\">Guitar Solo<\/a><\/h3>\n\n    <div class=\"post-meta\">\n    <a href=\"https:\/\/www.dimoracagnazzi.it\/en\/category\/events\/\" rel=\"category tag\">Events<\/a><\/div>\n\n            <div class=\"entry-content post-excerpt\">\n            <p>\n                2 Agosto &gt;&gt; ore 20.30 Claudio Farinone Eight string classical guitar, Baritone classical guitar, Flamenco guitar ore 21:45 Maria Moramarco \u2013 Fabio Mina \u2013 Francesco Savoretti \u2013 Vito Maiullari con la partecipazione di Luigi Bolognese QUANDO: 2 Agosto 2022 ORARIO: &hellip; <a href=\"https:\/\/www.dimoracagnazzi.it\/en\/guitar-solo\/\">Read More<\/a>            <\/p>\n        <\/div>\n            <div class=\"date-meta\">\n    <span class=\"thmv-author\">\n    <i class=\"xs-icon fa fa-calendar-o\"><\/i>\n    <!--div class=\"post-meta\"-->\n        <span class=\"themo-mas-date-meta show-author\"><a href=\"https:\/\/www.dimoracagnazzi.it\/en\/author\/adm-dc-mar\/\" title=\"Posts by adm.dc.mar\" rel=\"author\">adm.dc.mar<\/a><\/span>\n    <\/span>\n    \n        <time class=\"themo-mas-date-meta published thmv-date\" datetime=\"2022-07-11T16:44:59+02:00\">11 July 2022<\/time>\n            <!--\/div-->\n    <span class=\"is-sticky\">Featured Post<\/span>\n<\/div><\/div>\n                                <\/div>\n\n                                                                                            <div class=\"mas-blog-post col-sm-6 col-md-4 post-5954 post type-post status-publish format-standard has-post-thumbnail hentry category-events\">\n                                                <a href=\"https:\/\/www.dimoracagnazzi.it\/en\/sumaia-karimi-duo-suoni-della-murgia\/\">\n            <img loading=\"lazy\" decoding=\"async\" width=\"711\" height=\"1000\" src=\"https:\/\/www.dimoracagnazzi.it\/wp-content\/uploads\/2022\/07\/dimora-cagnazzi-suoni-della-murgia-eventi-sumaia-karimi-duo.webp\" class=\"img-responsive wp-post-image\" alt=\"\" srcset=\"https:\/\/www.dimoracagnazzi.it\/wp-content\/uploads\/2022\/07\/dimora-cagnazzi-suoni-della-murgia-eventi-sumaia-karimi-duo.webp 711w, https:\/\/www.dimoracagnazzi.it\/wp-content\/uploads\/2022\/07\/dimora-cagnazzi-suoni-della-murgia-eventi-sumaia-karimi-duo-213x300.webp 213w, https:\/\/www.dimoracagnazzi.it\/wp-content\/uploads\/2022\/07\/dimora-cagnazzi-suoni-della-murgia-eventi-sumaia-karimi-duo-57x80.webp 57w, https:\/\/www.dimoracagnazzi.it\/wp-content\/uploads\/2022\/07\/dimora-cagnazzi-suoni-della-murgia-eventi-sumaia-karimi-duo-215x303.webp 215w, https:\/\/www.dimoracagnazzi.it\/wp-content\/uploads\/2022\/07\/dimora-cagnazzi-suoni-della-murgia-eventi-sumaia-karimi-duo-498x700.webp 498w, https:\/\/www.dimoracagnazzi.it\/wp-content\/uploads\/2022\/07\/dimora-cagnazzi-suoni-della-murgia-eventi-sumaia-karimi-duo-675x950.webp 675w, https:\/\/www.dimoracagnazzi.it\/wp-content\/uploads\/2022\/07\/dimora-cagnazzi-suoni-della-murgia-eventi-sumaia-karimi-duo-71x100.webp 71w\" sizes=\"(max-width: 711px) 100vw, 711px\" \/>        <\/a>\n    \n<div class=\"post-inner\">\n    <h3 class=\"post-title\"><a href=\"https:\/\/www.dimoracagnazzi.it\/en\/sumaia-karimi-duo-suoni-della-murgia\/\">Sumaia Karimi Duo: La Musica Tradizionale dell\u2019Afghanistan<\/a><\/h3>\n\n    <div class=\"post-meta\">\n    <a href=\"https:\/\/www.dimoracagnazzi.it\/en\/category\/events\/\" rel=\"category tag\">Events<\/a><\/div>\n\n            <div class=\"entry-content post-excerpt\">\n            <p>\n                1 Agosto &gt;&gt; ore 20.30 Retrospettiva cinema dedicato al regista Agostino Di Ciaula in collaborazione con l\u2019 Associazione Formiche Verdi e con la presenza di Marinetta Di Ciaula figlia del regista. ore 21:45 Michele Ciccimarra e Nanni Teot QUANDO: 1 &hellip; <a href=\"https:\/\/www.dimoracagnazzi.it\/en\/sumaia-karimi-duo-suoni-della-murgia\/\">Read More<\/a>            <\/p>\n        <\/div>\n            <div class=\"date-meta\">\n    <span class=\"thmv-author\">\n    <i class=\"xs-icon fa fa-calendar-o\"><\/i>\n    <!--div class=\"post-meta\"-->\n        <span class=\"themo-mas-date-meta show-author\"><a href=\"https:\/\/www.dimoracagnazzi.it\/en\/author\/adm-dc-mar\/\" title=\"Posts by adm.dc.mar\" rel=\"author\">adm.dc.mar<\/a><\/span>\n    <\/span>\n    \n        <time class=\"themo-mas-date-meta published thmv-date\" datetime=\"2022-07-10T13:31:15+02:00\">10 July 2022<\/time>\n            <!--\/div-->\n    <span class=\"is-sticky\">Featured Post<\/span>\n<\/div><\/div>\n                                <\/div>\n\n                                                                                            <div class=\"mas-blog-post col-sm-6 col-md-4 post-5949 post type-post status-publish format-standard has-post-thumbnail hentry category-events\">\n                                                <a href=\"https:\/\/www.dimoracagnazzi.it\/en\/claudio-prima-e-seme-quintet\/\">\n            <img loading=\"lazy\" decoding=\"async\" width=\"1000\" height=\"556\" src=\"https:\/\/www.dimoracagnazzi.it\/wp-content\/uploads\/2022\/07\/dimora-cagnazzi-claudio-prima-eventi-concerti-altamura-puglia.jpg\" class=\"img-responsive wp-post-image\" alt=\"\" srcset=\"https:\/\/www.dimoracagnazzi.it\/wp-content\/uploads\/2022\/07\/dimora-cagnazzi-claudio-prima-eventi-concerti-altamura-puglia.jpg 1000w, https:\/\/www.dimoracagnazzi.it\/wp-content\/uploads\/2022\/07\/dimora-cagnazzi-claudio-prima-eventi-concerti-altamura-puglia-300x167.jpg 300w, https:\/\/www.dimoracagnazzi.it\/wp-content\/uploads\/2022\/07\/dimora-cagnazzi-claudio-prima-eventi-concerti-altamura-puglia-768x427.jpg 768w, https:\/\/www.dimoracagnazzi.it\/wp-content\/uploads\/2022\/07\/dimora-cagnazzi-claudio-prima-eventi-concerti-altamura-puglia-198x110.jpg 198w, https:\/\/www.dimoracagnazzi.it\/wp-content\/uploads\/2022\/07\/dimora-cagnazzi-claudio-prima-eventi-concerti-altamura-puglia-144x80.jpg 144w, https:\/\/www.dimoracagnazzi.it\/wp-content\/uploads\/2022\/07\/dimora-cagnazzi-claudio-prima-eventi-concerti-altamura-puglia-394x219.jpg 394w, https:\/\/www.dimoracagnazzi.it\/wp-content\/uploads\/2022\/07\/dimora-cagnazzi-claudio-prima-eventi-concerti-altamura-puglia-915x509.jpg 915w\" sizes=\"(max-width: 1000px) 100vw, 1000px\" \/>        <\/a>\n    \n<div class=\"post-inner\">\n    <h3 class=\"post-title\"><a href=\"https:\/\/www.dimoracagnazzi.it\/en\/claudio-prima-e-seme-quintet\/\">Claudio Prima e Seme Quintet<\/a><\/h3>\n\n    <div class=\"post-meta\">\n    <a href=\"https:\/\/www.dimoracagnazzi.it\/en\/category\/events\/\" rel=\"category tag\">Events<\/a><\/div>\n\n            <div class=\"entry-content post-excerpt\">\n            <p>\n                24 Luglio &gt;&gt; ore 20.30 Claudio Prima nel progetto SEME muove le sue composizioni con l&#8217;istinto del ricercatore, curioso e attento alle suggestioni del viaggio, del movimento. Con lo sguardo rivolto, allo stesso tempo, fuori e dentro, per cogliere insieme &hellip; <a href=\"https:\/\/www.dimoracagnazzi.it\/en\/claudio-prima-e-seme-quintet\/\">Read More<\/a>            <\/p>\n        <\/div>\n            <div class=\"date-meta\">\n    <span class=\"thmv-author\">\n    <i class=\"xs-icon fa fa-calendar-o\"><\/i>\n    <!--div class=\"post-meta\"-->\n        <span class=\"themo-mas-date-meta show-author\"><a href=\"https:\/\/www.dimoracagnazzi.it\/en\/author\/adm-dc-mar\/\" title=\"Posts by adm.dc.mar\" rel=\"author\">adm.dc.mar<\/a><\/span>\n    <\/span>\n    \n        <time class=\"themo-mas-date-meta published thmv-date\" datetime=\"2022-07-10T13:30:26+02:00\">10 July 2022<\/time>\n            <!--\/div-->\n    <span class=\"is-sticky\">Featured Post<\/span>\n<\/div><\/div>\n                                <\/div>\n\n                                                                                            <div class=\"mas-blog-post col-sm-6 col-md-4 post-5944 post type-post status-publish format-standard has-post-thumbnail hentry category-events\">\n                                                <a href=\"https:\/\/www.dimoracagnazzi.it\/en\/evasioni-collettivo-creazioni-lunari\/\">\n            <img loading=\"lazy\" decoding=\"async\" width=\"1000\" height=\"444\" src=\"https:\/\/www.dimoracagnazzi.it\/wp-content\/uploads\/2022\/05\/eventi-altamura-teatro-danza-performance-pino-basile-dimora-cagnazzi.jpg\" class=\"img-responsive wp-post-image\" alt=\"\" srcset=\"https:\/\/www.dimoracagnazzi.it\/wp-content\/uploads\/2022\/05\/eventi-altamura-teatro-danza-performance-pino-basile-dimora-cagnazzi.jpg 1000w, https:\/\/www.dimoracagnazzi.it\/wp-content\/uploads\/2022\/05\/eventi-altamura-teatro-danza-performance-pino-basile-dimora-cagnazzi-300x133.jpg 300w, https:\/\/www.dimoracagnazzi.it\/wp-content\/uploads\/2022\/05\/eventi-altamura-teatro-danza-performance-pino-basile-dimora-cagnazzi-768x341.jpg 768w, https:\/\/www.dimoracagnazzi.it\/wp-content\/uploads\/2022\/05\/eventi-altamura-teatro-danza-performance-pino-basile-dimora-cagnazzi-248x110.jpg 248w, https:\/\/www.dimoracagnazzi.it\/wp-content\/uploads\/2022\/05\/eventi-altamura-teatro-danza-performance-pino-basile-dimora-cagnazzi-180x80.jpg 180w, https:\/\/www.dimoracagnazzi.it\/wp-content\/uploads\/2022\/05\/eventi-altamura-teatro-danza-performance-pino-basile-dimora-cagnazzi-394x175.jpg 394w, https:\/\/www.dimoracagnazzi.it\/wp-content\/uploads\/2022\/05\/eventi-altamura-teatro-danza-performance-pino-basile-dimora-cagnazzi-915x406.jpg 915w\" sizes=\"(max-width: 1000px) 100vw, 1000px\" \/>        <\/a>\n    \n<div class=\"post-inner\">\n    <h3 class=\"post-title\"><a href=\"https:\/\/www.dimoracagnazzi.it\/en\/evasioni-collettivo-creazioni-lunari\/\">Evasioni (Collettivo Creazioni Lunari)<\/a><\/h3>\n\n    <div class=\"post-meta\">\n    <a href=\"https:\/\/www.dimoracagnazzi.it\/en\/category\/events\/\" rel=\"category tag\">Events<\/a><\/div>\n\n            <div class=\"entry-content post-excerpt\">\n            <p>\n                10 Luglio &gt;&gt; ore 19 Rassegna di Performances transdisciplinari Con &#8211; CORPO MADRE di Collettivo Creazioni Lunari (Antonia D&#8217;Amore, Silvia Gallone, Eufemia Mascolo, Martina Ricciardi) &#8211; OUT OF EXHAUSTION di Manuela Martella e Francesca Pedull\u00e0 &#8211; DENTRO di Pino Basile &hellip; <a href=\"https:\/\/www.dimoracagnazzi.it\/en\/evasioni-collettivo-creazioni-lunari\/\">Read More<\/a>            <\/p>\n        <\/div>\n            <div class=\"date-meta\">\n    <span class=\"thmv-author\">\n    <i class=\"xs-icon fa fa-calendar-o\"><\/i>\n    <!--div class=\"post-meta\"-->\n        <span class=\"themo-mas-date-meta show-author\"><a href=\"https:\/\/www.dimoracagnazzi.it\/en\/author\/adm-dc-mar\/\" title=\"Posts by adm.dc.mar\" rel=\"author\">adm.dc.mar<\/a><\/span>\n    <\/span>\n    \n        <time class=\"themo-mas-date-meta published thmv-date\" datetime=\"2022-05-25T11:49:33+02:00\">25 May 2022<\/time>\n            <!--\/div-->\n    <span class=\"is-sticky\">Featured Post<\/span>\n<\/div><\/div>\n                                <\/div>\n\n                                                                                            <div class=\"mas-blog-post col-sm-6 col-md-4 post-5933 post type-post status-publish format-standard has-post-thumbnail hentry category-events\">\n                                                <a href=\"https:\/\/www.dimoracagnazzi.it\/en\/concerto-world-music\/\">\n            <img loading=\"lazy\" decoding=\"async\" width=\"800\" height=\"800\" src=\"https:\/\/www.dimoracagnazzi.it\/wp-content\/uploads\/2022\/05\/altamura-concerto-timbila-venancio-pino-basile-dimora-cagnazzi.jpg\" class=\"img-responsive wp-post-image\" alt=\"Eventi ad altamura nella dimora storica cagnazzi in Puglia. Concerto venancio-musica e spettacoli vicinomatera\" srcset=\"https:\/\/www.dimoracagnazzi.it\/wp-content\/uploads\/2022\/05\/altamura-concerto-timbila-venancio-pino-basile-dimora-cagnazzi.jpg 800w, https:\/\/www.dimoracagnazzi.it\/wp-content\/uploads\/2022\/05\/altamura-concerto-timbila-venancio-pino-basile-dimora-cagnazzi-300x300.jpg 300w, https:\/\/www.dimoracagnazzi.it\/wp-content\/uploads\/2022\/05\/altamura-concerto-timbila-venancio-pino-basile-dimora-cagnazzi-150x150.jpg 150w, https:\/\/www.dimoracagnazzi.it\/wp-content\/uploads\/2022\/05\/altamura-concerto-timbila-venancio-pino-basile-dimora-cagnazzi-768x768.jpg 768w, https:\/\/www.dimoracagnazzi.it\/wp-content\/uploads\/2022\/05\/altamura-concerto-timbila-venancio-pino-basile-dimora-cagnazzi-110x110.jpg 110w, https:\/\/www.dimoracagnazzi.it\/wp-content\/uploads\/2022\/05\/altamura-concerto-timbila-venancio-pino-basile-dimora-cagnazzi-80x80.jpg 80w, https:\/\/www.dimoracagnazzi.it\/wp-content\/uploads\/2022\/05\/altamura-concerto-timbila-venancio-pino-basile-dimora-cagnazzi-394x394.jpg 394w, https:\/\/www.dimoracagnazzi.it\/wp-content\/uploads\/2022\/05\/altamura-concerto-timbila-venancio-pino-basile-dimora-cagnazzi-303x303.jpg 303w, https:\/\/www.dimoracagnazzi.it\/wp-content\/uploads\/2022\/05\/altamura-concerto-timbila-venancio-pino-basile-dimora-cagnazzi-605x605.jpg 605w, https:\/\/www.dimoracagnazzi.it\/wp-content\/uploads\/2022\/05\/altamura-concerto-timbila-venancio-pino-basile-dimora-cagnazzi-700x700.jpg 700w\" sizes=\"(max-width: 800px) 100vw, 800px\" \/>        <\/a>\n    \n<div class=\"post-inner\">\n    <h3 class=\"post-title\"><a href=\"https:\/\/www.dimoracagnazzi.it\/en\/concerto-world-music\/\">CONCERTO (World Music)<\/a><\/h3>\n\n    <div class=\"post-meta\">\n    <a href=\"https:\/\/www.dimoracagnazzi.it\/en\/category\/events\/\" rel=\"category tag\">Events<\/a><\/div>\n\n            <div class=\"entry-content post-excerpt\">\n            <p>\n                4 Giugno, Altamura Timbila: Venancio Percussioni: Michele Ciccimarra e Pino Basile Danza: Martina Ricciardi L&#8217;APS Quintal, Laboratorio di Arte e Ricerca Partecipativa, \u00e8 onorata di ospitare il musicista e ricercatore mozambicano @v.mbandejunior, beneficiario di una borsa di studio del Programma &hellip; <a href=\"https:\/\/www.dimoracagnazzi.it\/en\/concerto-world-music\/\">Read More<\/a>            <\/p>\n        <\/div>\n            <div class=\"date-meta\">\n    <span class=\"thmv-author\">\n    <i class=\"xs-icon fa fa-calendar-o\"><\/i>\n    <!--div class=\"post-meta\"-->\n        <span class=\"themo-mas-date-meta show-author\"><a href=\"https:\/\/www.dimoracagnazzi.it\/en\/author\/adm-dc-mar\/\" title=\"Posts by adm.dc.mar\" rel=\"author\">adm.dc.mar<\/a><\/span>\n    <\/span>\n    \n        <time class=\"themo-mas-date-meta published thmv-date\" datetime=\"2022-05-25T11:48:07+02:00\">25 May 2022<\/time>\n            <!--\/div-->\n    <span class=\"is-sticky\">Featured Post<\/span>\n<\/div><\/div>\n                                <\/div>\n\n                            \n                        <\/div>\n                                            <\/section>\n\n                    \t\t<\/div>\n\t\t\t\t<\/div>\n\t\t\t\t\t<\/div>\n\t\t<\/div>\n\t\t\t\t\t<\/div>\n\t\t<\/section>\n\t\t\t\t<\/div>\n\t\t","protected":false},"excerpt":{"rendered":"<p>Cultural Events Dimora Storica Cagnazzi &#8211; Altamura CURRENT EVENTS If you are looking for a place to hold a show or even a party, request the use of the residence at a convenient solution. We offer accommodation facilities for artists &hellip; <a href=\"https:\/\/www.dimoracagnazzi.it\/en\/concerto-world-music\/\">Read More<\/a><\/p>\n","protected":false},"author":1,"featured_media":0,"parent":0,"menu_order":17,"comment_status":"closed","ping_status":"closed","template":"","meta":{"footnotes":""},"class_list":["post-5914","page","type-page","status-publish","hentry"],"yoast_head":"<!-- This site is optimized with the Yoast SEO plugin v27.1.1 - https:\/\/yoast.com\/product\/yoast-seo-wordpress\/ -->\n<title>Events Altamura | Dimora Cagnazzi - Music Theater Concerts APulia<\/title>\n<meta name=\"description\" content=\"In this page you can find all the events that will take place at Dimora Cagnazzi in Altamura. Concerts, theater and much more.\" \/>\n<meta name=\"robots\" content=\"index, follow, max-snippet:-1, max-image-preview:large, max-video-preview:-1\" \/>\n<link rel=\"canonical\" href=\"https:\/\/www.dimoracagnazzi.it\/eventi-altamura-matera\/\" \/>\n<meta property=\"og:locale\" content=\"en_US\" \/>\n<meta property=\"og:type\" content=\"article\" \/>\n<meta property=\"og:title\" content=\"Events Altamura | Dimora Cagnazzi - Music Theater Concerts APulia\" \/>\n<meta property=\"og:description\" content=\"In this page you can find all the events that will take place at Dimora Cagnazzi in Altamura. Concerts, theater and much more.\" \/>\n<meta property=\"og:url\" content=\"https:\/\/www.dimoracagnazzi.it\/eventi-altamura-matera\/\" \/>\n<meta property=\"og:site_name\" content=\"Dimora Cagnazzi\" \/>\n<meta property=\"article:modified_time\" content=\"2025-07-08T10:50:20+00:00\" \/>\n<meta property=\"og:image\" content=\"https:\/\/www.dimoracagnazzi.it\/wp-content\/uploads\/2025\/07\/Paese-mio-bello-Altamura-Dimora-Cagnazzi-394x303.webp\" \/>\n<meta name=\"twitter:card\" content=\"summary_large_image\" \/>\n<meta name=\"twitter:label1\" content=\"Est. reading time\" \/>\n\t<meta name=\"twitter:data1\" content=\"6 minutes\" \/>\n<script type=\"application\/ld+json\" class=\"yoast-schema-graph\">{\"@context\":\"https:\/\/schema.org\",\"@graph\":[{\"@type\":\"WebPage\",\"@id\":\"https:\/\/www.dimoracagnazzi.it\/eventi-altamura-matera\/\",\"url\":\"https:\/\/www.dimoracagnazzi.it\/eventi-altamura-matera\/\",\"name\":\"Events Altamura | Dimora Cagnazzi - Music Theater Concerts APulia\",\"isPartOf\":{\"@id\":\"https:\/\/www.dimoracagnazzi.it\/#website\"},\"primaryImageOfPage\":{\"@id\":\"https:\/\/www.dimoracagnazzi.it\/eventi-altamura-matera\/#primaryimage\"},\"image\":{\"@id\":\"https:\/\/www.dimoracagnazzi.it\/eventi-altamura-matera\/#primaryimage\"},\"thumbnailUrl\":\"https:\/\/www.dimoracagnazzi.it\/wp-content\/uploads\/2025\/07\/Paese-mio-bello-Altamura-Dimora-Cagnazzi-394x303.webp\",\"datePublished\":\"2022-08-28T16:18:45+00:00\",\"dateModified\":\"2025-07-08T10:50:20+00:00\",\"description\":\"In this page you can find all the events that will take place at Dimora Cagnazzi in Altamura. Concerts, theater and much more.\",\"breadcrumb\":{\"@id\":\"https:\/\/www.dimoracagnazzi.it\/eventi-altamura-matera\/#breadcrumb\"},\"inLanguage\":\"en-US\",\"potentialAction\":[{\"@type\":\"ReadAction\",\"target\":[\"https:\/\/www.dimoracagnazzi.it\/eventi-altamura-matera\/\"]}]},{\"@type\":\"ImageObject\",\"inLanguage\":\"en-US\",\"@id\":\"https:\/\/www.dimoracagnazzi.it\/eventi-altamura-matera\/#primaryimage\",\"url\":\"https:\/\/www.dimoracagnazzi.it\/wp-content\/uploads\/2025\/07\/Paese-mio-bello-Altamura-Dimora-Cagnazzi-394x303.webp\",\"contentUrl\":\"https:\/\/www.dimoracagnazzi.it\/wp-content\/uploads\/2025\/07\/Paese-mio-bello-Altamura-Dimora-Cagnazzi-394x303.webp\"},{\"@type\":\"BreadcrumbList\",\"@id\":\"https:\/\/www.dimoracagnazzi.it\/eventi-altamura-matera\/#breadcrumb\",\"itemListElement\":[{\"@type\":\"ListItem\",\"position\":1,\"name\":\"Home\",\"item\":\"https:\/\/www.dimoracagnazzi.it\/en\/home\/\"},{\"@type\":\"ListItem\",\"position\":2,\"name\":\"EVENTS\"}]},{\"@type\":\"WebSite\",\"@id\":\"https:\/\/www.dimoracagnazzi.it\/#website\",\"url\":\"https:\/\/www.dimoracagnazzi.it\/\",\"name\":\"Dimora Cagnazzi\",\"description\":\"Dimora storica per Eventi, Spettacoli e Feste Private.\",\"potentialAction\":[{\"@type\":\"SearchAction\",\"target\":{\"@type\":\"EntryPoint\",\"urlTemplate\":\"https:\/\/www.dimoracagnazzi.it\/?s={search_term_string}\"},\"query-input\":{\"@type\":\"PropertyValueSpecification\",\"valueRequired\":true,\"valueName\":\"search_term_string\"}}],\"inLanguage\":\"en-US\"}]}<\/script>\n<!-- \/ Yoast SEO plugin. -->","yoast_head_json":{"title":"Events Altamura | Dimora Cagnazzi - Music Theater Concerts APulia","description":"In this page you can find all the events that will take place at Dimora Cagnazzi in Altamura. Concerts, theater and much more.","robots":{"index":"index","follow":"follow","max-snippet":"max-snippet:-1","max-image-preview":"max-image-preview:large","max-video-preview":"max-video-preview:-1"},"canonical":"https:\/\/www.dimoracagnazzi.it\/eventi-altamura-matera\/","og_locale":"en_US","og_type":"article","og_title":"Events Altamura | Dimora Cagnazzi - Music Theater Concerts APulia","og_description":"In this page you can find all the events that will take place at Dimora Cagnazzi in Altamura. Concerts, theater and much more.","og_url":"https:\/\/www.dimoracagnazzi.it\/eventi-altamura-matera\/","og_site_name":"Dimora Cagnazzi","article_modified_time":"2025-07-08T10:50:20+00:00","og_image":[{"url":"https:\/\/www.dimoracagnazzi.it\/wp-content\/uploads\/2025\/07\/Paese-mio-bello-Altamura-Dimora-Cagnazzi-394x303.webp","type":"","width":"","height":""}],"twitter_card":"summary_large_image","twitter_misc":{"Est. reading time":"6 minutes"},"schema":{"@context":"https:\/\/schema.org","@graph":[{"@type":"WebPage","@id":"https:\/\/www.dimoracagnazzi.it\/eventi-altamura-matera\/","url":"https:\/\/www.dimoracagnazzi.it\/eventi-altamura-matera\/","name":"Events Altamura | Dimora Cagnazzi - Music Theater Concerts APulia","isPartOf":{"@id":"https:\/\/www.dimoracagnazzi.it\/#website"},"primaryImageOfPage":{"@id":"https:\/\/www.dimoracagnazzi.it\/eventi-altamura-matera\/#primaryimage"},"image":{"@id":"https:\/\/www.dimoracagnazzi.it\/eventi-altamura-matera\/#primaryimage"},"thumbnailUrl":"https:\/\/www.dimoracagnazzi.it\/wp-content\/uploads\/2025\/07\/Paese-mio-bello-Altamura-Dimora-Cagnazzi-394x303.webp","datePublished":"2022-08-28T16:18:45+00:00","dateModified":"2025-07-08T10:50:20+00:00","description":"In this page you can find all the events that will take place at Dimora Cagnazzi in Altamura. Concerts, theater and much more.","breadcrumb":{"@id":"https:\/\/www.dimoracagnazzi.it\/eventi-altamura-matera\/#breadcrumb"},"inLanguage":"en-US","potentialAction":[{"@type":"ReadAction","target":["https:\/\/www.dimoracagnazzi.it\/eventi-altamura-matera\/"]}]},{"@type":"ImageObject","inLanguage":"en-US","@id":"https:\/\/www.dimoracagnazzi.it\/eventi-altamura-matera\/#primaryimage","url":"https:\/\/www.dimoracagnazzi.it\/wp-content\/uploads\/2025\/07\/Paese-mio-bello-Altamura-Dimora-Cagnazzi-394x303.webp","contentUrl":"https:\/\/www.dimoracagnazzi.it\/wp-content\/uploads\/2025\/07\/Paese-mio-bello-Altamura-Dimora-Cagnazzi-394x303.webp"},{"@type":"BreadcrumbList","@id":"https:\/\/www.dimoracagnazzi.it\/eventi-altamura-matera\/#breadcrumb","itemListElement":[{"@type":"ListItem","position":1,"name":"Home","item":"https:\/\/www.dimoracagnazzi.it\/en\/home\/"},{"@type":"ListItem","position":2,"name":"EVENTS"}]},{"@type":"WebSite","@id":"https:\/\/www.dimoracagnazzi.it\/#website","url":"https:\/\/www.dimoracagnazzi.it\/","name":"Dimora Cagnazzi","description":"Dimora storica per Eventi, Spettacoli e Feste Private.","potentialAction":[{"@type":"SearchAction","target":{"@type":"EntryPoint","urlTemplate":"https:\/\/www.dimoracagnazzi.it\/?s={search_term_string}"},"query-input":{"@type":"PropertyValueSpecification","valueRequired":true,"valueName":"search_term_string"}}],"inLanguage":"en-US"}]}},"_links":{"self":[{"href":"https:\/\/www.dimoracagnazzi.it\/en\/wp-json\/wp\/v2\/pages\/5914","targetHints":{"allow":["GET"]}}],"collection":[{"href":"https:\/\/www.dimoracagnazzi.it\/en\/wp-json\/wp\/v2\/pages"}],"about":[{"href":"https:\/\/www.dimoracagnazzi.it\/en\/wp-json\/wp\/v2\/types\/page"}],"author":[{"embeddable":true,"href":"https:\/\/www.dimoracagnazzi.it\/en\/wp-json\/wp\/v2\/users\/1"}],"replies":[{"embeddable":true,"href":"https:\/\/www.dimoracagnazzi.it\/en\/wp-json\/wp\/v2\/comments?post=5914"}],"version-history":[{"count":0,"href":"https:\/\/www.dimoracagnazzi.it\/en\/wp-json\/wp\/v2\/pages\/5914\/revisions"}],"wp:attachment":[{"href":"https:\/\/www.dimoracagnazzi.it\/en\/wp-json\/wp\/v2\/media?parent=5914"}],"curies":[{"name":"wp","href":"https:\/\/api.w.org\/{rel}","templated":true}]}}